{"id":1698,"date":"2024-03-15T08:46:40","date_gmt":"2024-03-15T07:46:40","guid":{"rendered":"https:\/\/frigofernelmont.abako.be\/a-propos-de-nous\/"},"modified":"2024-10-31T11:42:43","modified_gmt":"2024-10-31T10:42:43","slug":"a-propos-de-nous","status":"publish","type":"page","link":"https:\/\/www.frigofernelmont.be\/fr\/a-propos-de-nous\/","title":{"rendered":"\u00c0 propos de nous"},"content":{"rendered":"\t\t<div data-elementor-type=\"wp-page\" data-elementor-id=\"1698\" class=\"elementor elementor-1698 elementor-553\" data-elementor-post-type=\"page\">\n\t\t\t\t<div class=\"elementor-element elementor-element-f3fa0c8 e-flex e-con-boxed e-con e-parent\" data-id=\"f3fa0c8\" data-element_type=\"container\" data-settings=\"{&quot;background_background&quot;:&quot;classic&quot;,&quot;shape_divider_bottom&quot;:&quot;curve&quot;}\">\n\t\t\t\t\t<div class=\"e-con-inner\">\n\t\t\t\t<div class=\"elementor-shape elementor-shape-bottom\" data-negative=\"false\">\n\t\t\t<svg xmlns=\"http:\/\/www.w3.org\/2000\/svg\" viewBox=\"0 0 1000 100\" preserveAspectRatio=\"none\">\n    <path class=\"elementor-shape-fill\" d=\"M1000,4.3V0H0v4.3C0.9,23.1,126.7,99.2,500,100S1000,22.7,1000,4.3z\"\/>\n<\/svg>\t\t<\/div>\n\t\t\t\t\t<\/div>\n\t\t\t\t<\/div>\n\t\t<div class=\"elementor-element elementor-element-ab7a918 e-con-full e-flex e-con e-child\" data-id=\"ab7a918\" data-element_type=\"container\" data-settings=\"{&quot;background_background&quot;:&quot;classic&quot;}\">\n\t\t\t\t<div class=\"elementor-element elementor-element-fad1bed elementor-widget elementor-widget-heading\" data-id=\"fad1bed\" data-element_type=\"widget\" data-widget_type=\"heading.default\">\n\t\t\t\t<div class=\"elementor-widget-container\">\n\t\t\t<h2 class=\"elementor-heading-title elementor-size-default\">\u00c0 PROPOS DE NOUS<\/h2>\t\t<\/div>\n\t\t\t\t<\/div>\n\t\t\t\t<\/div>\n\t\t<div class=\"elementor-element elementor-element-8beeb70 e-flex e-con-boxed e-con e-parent\" data-id=\"8beeb70\" data-element_type=\"container\" data-settings=\"{&quot;background_background&quot;:&quot;classic&quot;}\">\n\t\t\t\t\t<div class=\"e-con-inner\">\n\t\t<div class=\"elementor-element elementor-element-0b373e4 e-flex e-con-boxed e-con e-child\" data-id=\"0b373e4\" data-element_type=\"container\" data-settings=\"{&quot;background_background&quot;:&quot;classic&quot;}\">\n\t\t\t\t\t<div class=\"e-con-inner\">\n\t\t\t\t\t<\/div>\n\t\t\t\t<\/div>\n\t\t<div class=\"elementor-element elementor-element-944593e e-con-full e-flex e-con e-child\" data-id=\"944593e\" data-element_type=\"container\">\n\t\t\t\t<div class=\"elementor-element elementor-element-bd88f5f elementor-widget elementor-widget-text-editor\" data-id=\"bd88f5f\" data-element_type=\"widget\" data-widget_type=\"text-editor.default\">\n\t\t\t\t<div class=\"elementor-widget-container\">\n\t\t\t\t\t\t\t<p><span style=\"color: #1e769c; font-size: 24px; font-weight: bolder;\">HISTOIRE : DE 29.000 \u00c0 50.000 CAISSES DE STOCKAGE CONDITIONN\u00c9<\/span><\/p>\n<p>Frigo Fernelmont a \u00e9t\u00e9 cr\u00e9\u00e9 en 1999 pour le stockage de carottes d&rsquo;hiver, des racines de chicons et des produits surgel\u00e9s. 10 cellules, un hall de chargement et une salle des machines ont \u00e9t\u00e9 construits. Les cellules permettent \u00e0 la fois le stockage r\u00e9frig\u00e9r\u00e9 et congel\u00e9. Le volume est de 92.000 m\u00b3 ou 29.000 caisses.   <\/p>\n\t\t\t\t\t\t<\/div>\n\t\t\t\t<\/div>\n\t\t\t\t<div class=\"elementor-element elementor-element-298a69d elementor-widget elementor-widget-text-editor\" data-id=\"298a69d\" data-element_type=\"widget\" data-widget_type=\"text-editor.default\">\n\t\t\t\t<div class=\"elementor-widget-container\">\n\t\t\t\t\t\t\t<p>En 2000, le hall de chargement a \u00e9galement \u00e9t\u00e9 \u00e9quip\u00e9 d&rsquo;\u00e9vaporateurs afin que les carottes puissent \u00e9galement y \u00eatre stock\u00e9es, ce qui a port\u00e9 le volume \u00e0 120.000 m\u00b3 ou 36.000 caisses.<\/p>\n\t\t\t\t\t\t<\/div>\n\t\t\t\t<\/div>\n\t\t\t\t<div class=\"elementor-element elementor-element-70fb7f1 elementor-widget elementor-widget-text-editor\" data-id=\"70fb7f1\" data-element_type=\"widget\" data-widget_type=\"text-editor.default\">\n\t\t\t\t<div class=\"elementor-widget-container\">\n\t\t\t\t\t\t\t<p>En 2005, un hall de 3.000 m\u00b2 a \u00e9t\u00e9 construit pour l&#8217;empilage des caisses vides et le chargement en vrac des carottes. Dans ce hall, les caisses sont empil\u00e9es sur 12 caisses de haut. <\/p>\n\t\t\t\t\t\t<\/div>\n\t\t\t\t<\/div>\n\t\t\t\t<\/div>\n\t\t\t\t\t<\/div>\n\t\t\t\t<\/div>\n\t\t<div class=\"elementor-element elementor-element-e85bb7d e-flex e-con-boxed e-con e-parent\" data-id=\"e85bb7d\" data-element_type=\"container\">\n\t\t\t\t\t<div class=\"e-con-inner\">\n\t\t<div class=\"elementor-element elementor-element-3dd14ff e-con-full koelen-container e-flex e-con e-child\" data-id=\"3dd14ff\" data-element_type=\"container\">\n\t\t<div class=\"elementor-element elementor-element-cdf0b57 e-con-full e-flex e-con e-child\" data-id=\"cdf0b57\" data-element_type=\"container\" data-settings=\"{&quot;background_background&quot;:&quot;classic&quot;}\">\n\t\t\t\t<\/div>\n\t\t\t\t<div class=\"elementor-element elementor-element-c1892e2 elementor-widget elementor-widget-heading\" data-id=\"c1892e2\" data-element_type=\"widget\" data-widget_type=\"heading.default\">\n\t\t\t\t<div class=\"elementor-widget-container\">\n\t\t\t<h2 class=\"elementor-heading-title elementor-size-default\">PLUS DEMANDE<\/h2>\t\t<\/div>\n\t\t\t\t<\/div>\n\t\t\t\t<div class=\"elementor-element elementor-element-d8dfdc9 elementor-widget elementor-widget-text-editor\" data-id=\"d8dfdc9\" data-element_type=\"widget\" data-widget_type=\"text-editor.default\">\n\t\t\t\t<div class=\"elementor-widget-container\">\n\t\t\t\t\t\t\t<p>Chaque ann\u00e9e, la demande de stockage des carottes et des racines de chicons augmente. Pour r\u00e9pondre \u00e0 cette demande, un entrep\u00f4t frigorifique de 11.500 m\u00b3 ou 3.300 caisses et un hall de r\u00e9ception et de triage des racines de chicons seront ajout\u00e9s en 2010. Cela permettra de bien s\u00e9parer les flux de carottes d&rsquo;approvisionnement et des racines de chicons afin d&rsquo;organiser le travail de mani\u00e8re plus efficace.  <\/p>\n\t\t\t\t\t\t<\/div>\n\t\t\t\t<\/div>\n\t\t\t\t<\/div>\n\t\t<div class=\"elementor-element elementor-element-c6038f1 e-con-full koelen-container e-flex e-con e-child\" data-id=\"c6038f1\" data-element_type=\"container\">\n\t\t<div class=\"elementor-element elementor-element-f3e9dab e-con-full e-flex e-con e-child\" data-id=\"f3e9dab\" data-element_type=\"container\" data-settings=\"{&quot;background_background&quot;:&quot;classic&quot;}\">\n\t\t\t\t<\/div>\n\t\t\t\t<div class=\"elementor-element elementor-element-9dfb31d elementor-widget elementor-widget-heading\" data-id=\"9dfb31d\" data-element_type=\"widget\" data-widget_type=\"heading.default\">\n\t\t\t\t<div class=\"elementor-widget-container\">\n\t\t\t<h2 class=\"elementor-heading-title elementor-size-default\">LA CULTURE EN AUGMENTATION<\/h2>\t\t<\/div>\n\t\t\t\t<\/div>\n\t\t\t\t<div class=\"elementor-element elementor-element-31d86d0 elementor-widget elementor-widget-text-editor\" data-id=\"31d86d0\" data-element_type=\"widget\" data-widget_type=\"text-editor.default\">\n\t\t\t\t<div class=\"elementor-widget-container\">\n\t\t\t\t\t\t\t<p>La culture des carottes belges est en augmentation et une nouvelle extension du stockage est imminente. En 2016, le site adjacent a \u00e9t\u00e9 achet\u00e9 et un nouvel entrep\u00f4t frigorifique a \u00e9t\u00e9 construit avec la salle des machines qui l&rsquo;accompagne. Cette partie de l&rsquo;entrep\u00f4t frigorifique est uniquement destin\u00e9e au stockage des carottes et a une capacit\u00e9 de 45.000 m\u00b3 ou 11.500 caisses. Cela porte la capacit\u00e9 totale \u00e0 50.000 caisses, dont 44.000 sont effectivement utilis\u00e9es. L&rsquo;espace restant est r\u00e9serv\u00e9 \u00e0 la surg\u00e9lation \u00e0 -18\u00b0C.    <\/p>\n\t\t\t\t\t\t<\/div>\n\t\t\t\t<\/div>\n\t\t\t\t<\/div>\n\t\t<div class=\"elementor-element elementor-element-9a60ebd e-con-full koelen-container e-flex e-con e-child\" data-id=\"9a60ebd\" data-element_type=\"container\">\n\t\t<div class=\"elementor-element elementor-element-e1f7a79 e-con-full e-flex e-con e-child\" data-id=\"e1f7a79\" data-element_type=\"container\" data-settings=\"{&quot;background_background&quot;:&quot;classic&quot;}\">\n\t\t\t\t<\/div>\n\t\t\t\t<div class=\"elementor-element elementor-element-276998e elementor-widget elementor-widget-heading\" data-id=\"276998e\" data-element_type=\"widget\" data-widget_type=\"heading.default\">\n\t\t\t\t<div class=\"elementor-widget-container\">\n\t\t\t<h2 class=\"elementor-heading-title elementor-size-default\">ENTREP\u00d4TS FRIGORIFIQUES SUPPL\u00c9MENTAIRE<\/h2>\t\t<\/div>\n\t\t\t\t<\/div>\n\t\t\t\t<div class=\"elementor-element elementor-element-d44a6d6 elementor-widget elementor-widget-text-editor\" data-id=\"d44a6d6\" data-element_type=\"widget\" data-widget_type=\"text-editor.default\">\n\t\t\t\t<div class=\"elementor-widget-container\">\n\t\t\t\t\t\t\t<p>En raison de la demande croissante d&rsquo;espace de stockage pour les oignons et les plants pommes de terre, un certain nombre d&rsquo;entrep\u00f4ts frigorifiques \u00e9quip\u00e9s d&rsquo;un syst\u00e8me de s\u00e9chage par condensation seront ajout\u00e9s en 2021. Les cellules de stockage sont \u00e9quip\u00e9es d&rsquo;un sol en caillebotis qui souffle de l&rsquo;air par le bas \u00e0 travers les piles de caisses afin de s\u00e9cher le produit le plus rapidement possible. <\/p>\n\t\t\t\t\t\t<\/div>\n\t\t\t\t<\/div>\n\t\t\t\t<\/div>\n\t\t\t\t\t<\/div>\n\t\t\t\t<\/div>\n\t\t<div class=\"elementor-element elementor-element-b7ccab4 e-flex e-con-boxed e-con e-parent\" data-id=\"b7ccab4\" data-element_type=\"container\" data-settings=\"{&quot;background_background&quot;:&quot;classic&quot;}\">\n\t\t\t\t\t<div class=\"e-con-inner\">\n\t\t<div class=\"elementor-element elementor-element-dde850e e-con-full e-flex e-con e-child\" data-id=\"dde850e\" data-element_type=\"container\">\n\t\t\t\t<div class=\"elementor-element elementor-element-7644715 elementor-widget-mobile__width-inherit elementor-widget elementor-widget-text-editor\" data-id=\"7644715\" data-element_type=\"widget\" data-widget_type=\"text-editor.default\">\n\t\t\t\t<div class=\"elementor-widget-container\">\n\t\t\t\t\t\t\t<p><span style=\"color: #1e769c; font-size: 24px; font-weight: bolder;\">CERTIFICAT BIOLOGIQUE<\/span><\/p>\n<p>Frigo Fernelmont r\u00e9pond aux normes et exigences en mati\u00e8re de stockage et de manipulation des produits alimentaires biologiques. Notre certificat Bio peut \u00eatre obtenu sur demande. <\/p>\n\t\t\t\t\t\t<\/div>\n\t\t\t\t<\/div>\n\t\t\t\t<\/div>\n\t\t<div class=\"elementor-element elementor-element-99da6e4 e-con-full e-flex e-con e-child\" data-id=\"99da6e4\" data-element_type=\"container\">\n\t\t\t\t<div class=\"elementor-element elementor-element-b485c40 elementor-widget-mobile__width-inherit elementor-widget elementor-widget-text-editor\" data-id=\"b485c40\" data-element_type=\"widget\" data-widget_type=\"text-editor.default\">\n\t\t\t\t<div class=\"elementor-widget-container\">\n\t\t\t\t\t\t\t<p><span style=\"color: #1e769c; font-size: 24px; font-weight: bolder;\">TRANSITION \u00c9NERG\u00c9TIQUE<\/span><\/p>\n<p>Frigo Fernelmont dispose de sa propre installation de panneaux solaires d&rsquo;une puissance de 2.938 kWc afin de produire lui-m\u00eame la plus grande partie possible de l&rsquo;\u00e9nergie dont il a besoin.<\/p>\n\t\t\t\t\t\t<\/div>\n\t\t\t\t<\/div>\n\t\t\t\t<\/div>\n\t\t\t\t\t<\/div>\n\t\t\t\t<\/div>\n\t\t\t\t<\/div>\n\t\t","protected":false},"excerpt":{"rendered":"<p>\u00c0 PROPOS DE NOUS HISTOIRE : DE 29.000 \u00c0 50.000 CAISSES DE STOCKAGE CONDITIONN\u00c9 Frigo Fernelmont a \u00e9t\u00e9 cr\u00e9\u00e9 en 1999 pour le stockage de carottes d&rsquo;hiver, des racines de chicons et des produits surgel\u00e9s. 10 cellules, un hall de chargement et une salle des machines ont \u00e9t\u00e9 construits. Les cellules permettent \u00e0 la fois [&hellip;]<\/p>\n","protected":false},"author":1,"featured_media":0,"parent":0,"menu_order":0,"comment_status":"closed","ping_status":"closed","template":"","meta":{"footnotes":""},"class_list":["post-1698","page","type-page","status-publish","hentry"],"yoast_head":"<!-- This site is optimized with the Yoast SEO plugin v23.7 - https:\/\/yoast.com\/wordpress\/plugins\/seo\/ -->\n<title>\u00c0 propos de nous - Frigo Fernelmont<\/title>\n<meta name=\"robots\" content=\"index, follow, max-snippet:-1, max-image-preview:large, max-video-preview:-1\" \/>\n<link rel=\"canonical\" href=\"https:\/\/www.frigofernelmont.be\/fr\/a-propos-de-nous\/\" \/>\n<meta property=\"og:locale\" content=\"fr_FR\" \/>\n<meta property=\"og:type\" content=\"article\" \/>\n<meta property=\"og:title\" content=\"\u00c0 propos de nous - Frigo Fernelmont\" \/>\n<meta property=\"og:description\" content=\"\u00c0 PROPOS DE NOUS HISTOIRE : DE 29.000 \u00c0 50.000 CAISSES DE STOCKAGE CONDITIONN\u00c9 Frigo Fernelmont a \u00e9t\u00e9 cr\u00e9\u00e9 en 1999 pour le stockage de carottes d&rsquo;hiver, des racines de chicons et des produits surgel\u00e9s. 10 cellules, un hall de chargement et une salle des machines ont \u00e9t\u00e9 construits. Les cellules permettent \u00e0 la fois [&hellip;]\" \/>\n<meta property=\"og:url\" content=\"https:\/\/www.frigofernelmont.be\/fr\/a-propos-de-nous\/\" \/>\n<meta property=\"og:site_name\" content=\"Frigo Fernelmont\" \/>\n<meta property=\"article:modified_time\" content=\"2024-10-31T10:42:43+00:00\" \/>\n<meta name=\"twitter:card\" content=\"summary_large_image\" \/>\n<meta name=\"twitter:label1\" content=\"Dur\u00e9e de lecture estim\u00e9e\" \/>\n\t<meta name=\"twitter:data1\" content=\"3 minutes\" \/>\n<script type=\"application\/ld+json\" class=\"yoast-schema-graph\">{\"@context\":\"https:\/\/schema.org\",\"@graph\":[{\"@type\":\"WebPage\",\"@id\":\"https:\/\/www.frigofernelmont.be\/fr\/a-propos-de-nous\/\",\"url\":\"https:\/\/www.frigofernelmont.be\/fr\/a-propos-de-nous\/\",\"name\":\"\u00c0 propos de nous - Frigo Fernelmont\",\"isPartOf\":{\"@id\":\"https:\/\/www.frigofernelmont.be\/fr\/#website\"},\"datePublished\":\"2024-03-15T07:46:40+00:00\",\"dateModified\":\"2024-10-31T10:42:43+00:00\",\"breadcrumb\":{\"@id\":\"https:\/\/www.frigofernelmont.be\/fr\/a-propos-de-nous\/#breadcrumb\"},\"inLanguage\":\"fr-FR\",\"potentialAction\":[{\"@type\":\"ReadAction\",\"target\":[\"https:\/\/www.frigofernelmont.be\/fr\/a-propos-de-nous\/\"]}]},{\"@type\":\"BreadcrumbList\",\"@id\":\"https:\/\/www.frigofernelmont.be\/fr\/a-propos-de-nous\/#breadcrumb\",\"itemListElement\":[{\"@type\":\"ListItem\",\"position\":1,\"name\":\"Home\",\"item\":\"https:\/\/www.frigofernelmont.be\/fr\/\"},{\"@type\":\"ListItem\",\"position\":2,\"name\":\"\u00c0 propos de nous\"}]},{\"@type\":\"WebSite\",\"@id\":\"https:\/\/www.frigofernelmont.be\/fr\/#website\",\"url\":\"https:\/\/www.frigofernelmont.be\/fr\/\",\"name\":\"Frigo Fernelmont\",\"description\":\"\",\"publisher\":{\"@id\":\"https:\/\/www.frigofernelmont.be\/fr\/#organization\"},\"potentialAction\":[{\"@type\":\"SearchAction\",\"target\":{\"@type\":\"EntryPoint\",\"urlTemplate\":\"https:\/\/www.frigofernelmont.be\/fr\/?s={search_term_string}\"},\"query-input\":{\"@type\":\"PropertyValueSpecification\",\"valueRequired\":true,\"valueName\":\"search_term_string\"}}],\"inLanguage\":\"fr-FR\"},{\"@type\":\"Organization\",\"@id\":\"https:\/\/www.frigofernelmont.be\/fr\/#organization\",\"name\":\"Frigo Fernelmont\",\"url\":\"https:\/\/www.frigofernelmont.be\/fr\/\",\"logo\":{\"@type\":\"ImageObject\",\"inLanguage\":\"fr-FR\",\"@id\":\"https:\/\/www.frigofernelmont.be\/fr\/#\/schema\/logo\/image\/\",\"url\":\"https:\/\/www.frigofernelmont.be\/wp-content\/uploads\/2022\/07\/logo.png\",\"contentUrl\":\"https:\/\/www.frigofernelmont.be\/wp-content\/uploads\/2022\/07\/logo.png\",\"width\":315,\"height\":100,\"caption\":\"Frigo Fernelmont\"},\"image\":{\"@id\":\"https:\/\/www.frigofernelmont.be\/fr\/#\/schema\/logo\/image\/\"}}]}<\/script>\n<!-- \/ Yoast SEO plugin. -->","yoast_head_json":{"title":"\u00c0 propos de nous - Frigo Fernelmont","robots":{"index":"index","follow":"follow","max-snippet":"max-snippet:-1","max-image-preview":"max-image-preview:large","max-video-preview":"max-video-preview:-1"},"canonical":"https:\/\/www.frigofernelmont.be\/fr\/a-propos-de-nous\/","og_locale":"fr_FR","og_type":"article","og_title":"\u00c0 propos de nous - Frigo Fernelmont","og_description":"\u00c0 PROPOS DE NOUS HISTOIRE : DE 29.000 \u00c0 50.000 CAISSES DE STOCKAGE CONDITIONN\u00c9 Frigo Fernelmont a \u00e9t\u00e9 cr\u00e9\u00e9 en 1999 pour le stockage de carottes d&rsquo;hiver, des racines de chicons et des produits surgel\u00e9s. 10 cellules, un hall de chargement et une salle des machines ont \u00e9t\u00e9 construits. Les cellules permettent \u00e0 la fois [&hellip;]","og_url":"https:\/\/www.frigofernelmont.be\/fr\/a-propos-de-nous\/","og_site_name":"Frigo Fernelmont","article_modified_time":"2024-10-31T10:42:43+00:00","twitter_card":"summary_large_image","twitter_misc":{"Dur\u00e9e de lecture estim\u00e9e":"3 minutes"},"schema":{"@context":"https:\/\/schema.org","@graph":[{"@type":"WebPage","@id":"https:\/\/www.frigofernelmont.be\/fr\/a-propos-de-nous\/","url":"https:\/\/www.frigofernelmont.be\/fr\/a-propos-de-nous\/","name":"\u00c0 propos de nous - Frigo Fernelmont","isPartOf":{"@id":"https:\/\/www.frigofernelmont.be\/fr\/#website"},"datePublished":"2024-03-15T07:46:40+00:00","dateModified":"2024-10-31T10:42:43+00:00","breadcrumb":{"@id":"https:\/\/www.frigofernelmont.be\/fr\/a-propos-de-nous\/#breadcrumb"},"inLanguage":"fr-FR","potentialAction":[{"@type":"ReadAction","target":["https:\/\/www.frigofernelmont.be\/fr\/a-propos-de-nous\/"]}]},{"@type":"BreadcrumbList","@id":"https:\/\/www.frigofernelmont.be\/fr\/a-propos-de-nous\/#breadcrumb","itemListElement":[{"@type":"ListItem","position":1,"name":"Home","item":"https:\/\/www.frigofernelmont.be\/fr\/"},{"@type":"ListItem","position":2,"name":"\u00c0 propos de nous"}]},{"@type":"WebSite","@id":"https:\/\/www.frigofernelmont.be\/fr\/#website","url":"https:\/\/www.frigofernelmont.be\/fr\/","name":"Frigo Fernelmont","description":"","publisher":{"@id":"https:\/\/www.frigofernelmont.be\/fr\/#organization"},"potentialAction":[{"@type":"SearchAction","target":{"@type":"EntryPoint","urlTemplate":"https:\/\/www.frigofernelmont.be\/fr\/?s={search_term_string}"},"query-input":{"@type":"PropertyValueSpecification","valueRequired":true,"valueName":"search_term_string"}}],"inLanguage":"fr-FR"},{"@type":"Organization","@id":"https:\/\/www.frigofernelmont.be\/fr\/#organization","name":"Frigo Fernelmont","url":"https:\/\/www.frigofernelmont.be\/fr\/","logo":{"@type":"ImageObject","inLanguage":"fr-FR","@id":"https:\/\/www.frigofernelmont.be\/fr\/#\/schema\/logo\/image\/","url":"https:\/\/www.frigofernelmont.be\/wp-content\/uploads\/2022\/07\/logo.png","contentUrl":"https:\/\/www.frigofernelmont.be\/wp-content\/uploads\/2022\/07\/logo.png","width":315,"height":100,"caption":"Frigo Fernelmont"},"image":{"@id":"https:\/\/www.frigofernelmont.be\/fr\/#\/schema\/logo\/image\/"}}]}},"_links":{"self":[{"href":"https:\/\/www.frigofernelmont.be\/fr\/wp-json\/wp\/v2\/pages\/1698"}],"collection":[{"href":"https:\/\/www.frigofernelmont.be\/fr\/wp-json\/wp\/v2\/pages"}],"about":[{"href":"https:\/\/www.frigofernelmont.be\/fr\/wp-json\/wp\/v2\/types\/page"}],"author":[{"embeddable":true,"href":"https:\/\/www.frigofernelmont.be\/fr\/wp-json\/wp\/v2\/users\/1"}],"replies":[{"embeddable":true,"href":"https:\/\/www.frigofernelmont.be\/fr\/wp-json\/wp\/v2\/comments?post=1698"}],"version-history":[{"count":5,"href":"https:\/\/www.frigofernelmont.be\/fr\/wp-json\/wp\/v2\/pages\/1698\/revisions"}],"predecessor-version":[{"id":2635,"href":"https:\/\/www.frigofernelmont.be\/fr\/wp-json\/wp\/v2\/pages\/1698\/revisions\/2635"}],"wp:attachment":[{"href":"https:\/\/www.frigofernelmont.be\/fr\/wp-json\/wp\/v2\/media?parent=1698"}],"curies":[{"name":"wp","href":"https:\/\/api.w.org\/{rel}","templated":true}]}}